{"id":54,"date":"2025-06-26T14:12:30","date_gmt":"2025-06-26T14:12:30","guid":{"rendered":"https:\/\/nemetnyelvonline.hu\/?page_id=54"},"modified":"2025-07-31T11:28:52","modified_gmt":"2025-07-31T11:28:52","slug":"fooldal-2","status":"publish","type":"page","link":"https:\/\/nemetnyelvonline.hu\/","title":{"rendered":"F\u0151oldal"},"content":{"rendered":"\t\t<div data-elementor-type=\"wp-page\" data-elementor-id=\"54\" class=\"elementor elementor-54\" data-elementor-post-type=\"page\">\n\t\t\t\t<div class=\"elementor-element elementor-element-dbdc65a animated-slow e-flex e-con-boxed elementor-invisible e-con e-parent\" data-id=\"dbdc65a\" data-element_type=\"container\" data-settings=\"{&quot;background_background&quot;:&quot;classic&quot;,&quot;animation&quot;:&quot;fadeIn&quot;,&quot;shape_divider_bottom&quot;:&quot;opacity-tilt&quot;}\">\n\t\t\t\t\t<div class=\"e-con-inner\">\n\t\t\t\t<div class=\"elementor-shape elementor-shape-bottom\" aria-hidden=\"true\" data-negative=\"false\">\n\t\t\t<svg xmlns=\"http:\/\/www.w3.org\/2000\/svg\" viewBox=\"0 0 2600 131.1\" preserveAspectRatio=\"none\">\n\t<path class=\"elementor-shape-fill\" d=\"M0 0L2600 0 2600 69.1 0 0z\"\/>\n\t<path class=\"elementor-shape-fill\" style=\"opacity:0.5\" d=\"M0 0L2600 0 2600 69.1 0 69.1z\"\/>\n\t<path class=\"elementor-shape-fill\" style=\"opacity:0.25\" d=\"M2600 0L0 0 0 130.1 2600 69.1z\"\/>\n<\/svg>\t\t<\/div>\n\t\t\t\t<div class=\"elementor-element elementor-element-5f30268 elementor-widget elementor-widget-heading\" data-id=\"5f30268\" data-element_type=\"widget\" data-widget_type=\"heading.default\">\n\t\t\t\t<div class=\"elementor-widget-container\">\n\t\t\t\t\t<h2 class=\"elementor-heading-title elementor-size-default\">N\u00e9met nyelv online<\/h2>\t\t\t\t<\/div>\n\t\t\t\t<\/div>\n\t\t\t\t<div class=\"elementor-element elementor-element-dbd0612 elementor-widget elementor-widget-text-editor\" data-id=\"dbd0612\" data-element_type=\"widget\" data-widget_type=\"text-editor.default\">\n\t\t\t\t<div class=\"elementor-widget-container\">\n\t\t\t\t\t\t\t\t\t<p>Kommunik\u00e1lj n\u00e9met\u00fcl k\u00f6nnyed\u00e9n \u2013 a h\u00e9tk\u00f6znapokban \u00e9s a munk\u00e1ban is.<\/p>\t\t\t\t\t\t\t\t<\/div>\n\t\t\t\t<\/div>\n\t\t\t\t\t<\/div>\n\t\t\t\t<\/div>\n\t\t<div class=\"elementor-element elementor-element-61af918 e-flex e-con-boxed e-con e-parent\" data-id=\"61af918\" data-element_type=\"container\">\n\t\t\t\t\t<div class=\"e-con-inner\">\n\t\t<div class=\"elementor-element elementor-element-c0a76fa e-con-full e-flex e-con e-child\" data-id=\"c0a76fa\" data-element_type=\"container\">\n\t\t\t\t<div class=\"elementor-element elementor-element-914fc6c elementor-widget elementor-widget-heading\" data-id=\"914fc6c\" data-element_type=\"widget\" data-widget_type=\"heading.default\">\n\t\t\t\t<div class=\"elementor-widget-container\">\n\t\t\t\t\t<h2 class=\"elementor-heading-title elementor-size-default\">Herzlich willkommen<\/h2>\t\t\t\t<\/div>\n\t\t\t\t<\/div>\n\t\t\t\t<div class=\"elementor-element elementor-element-b92a86c elementor-widget elementor-widget-text-editor\" data-id=\"b92a86c\" data-element_type=\"widget\" data-widget_type=\"text-editor.default\">\n\t\t\t\t<div class=\"elementor-widget-container\">\n\t\t\t\t\t\t\t\t\t<p>Moln\u00e1r Melinda vagyok, n\u00e9met nyelvtan\u00e1r, sok \u00e9ves tapasztalattal\u2026 ezt m\u00e1r biztosan hallottad t\u00f6bbsz\u00f6r.<\/p>\t\t\t\t\t\t\t\t<\/div>\n\t\t\t\t<\/div>\n\t\t\t\t<div class=\"elementor-element elementor-element-69016ca elementor-widget elementor-widget-heading\" data-id=\"69016ca\" data-element_type=\"widget\" data-widget_type=\"heading.default\">\n\t\t\t\t<div class=\"elementor-widget-container\">\n\t\t\t\t\t<h2 class=\"elementor-heading-title elementor-size-default\">Amiben enn\u00e9l t\u00f6bb vagyok:<\/h2>\t\t\t\t<\/div>\n\t\t\t\t<\/div>\n\t\t\t\t<div class=\"elementor-element elementor-element-c976837 elementor-widget elementor-widget-text-editor\" data-id=\"c976837\" data-element_type=\"widget\" data-widget_type=\"text-editor.default\">\n\t\t\t\t<div class=\"elementor-widget-container\">\n\t\t\t\t\t\t\t\t\t<ul><li>10 \u00e9vig \u00e9ltem N\u00e9metorsz\u00e1gban, Stuttgartban, ahol a Mercedes-Benz Bankn\u00e1l \u00e9s a Daimler Mobility AG-n\u00e1l dolgoztam<\/li><li>15 \u00e9vet t\u00f6lt\u00f6ttem \u00f6sszesen \u00fczleti k\u00f6rnyezetben, KKV szektorban \u00e9s multinacion\u00e1lis k\u00f6rnyezetben, Magyarorsz\u00e1gon \u00e9s N\u00e9metorsz\u00e1gban<\/li><\/ul>\t\t\t\t\t\t\t\t<\/div>\n\t\t\t\t<\/div>\n\t\t\t\t<div class=\"elementor-element elementor-element-a0dbb25 elementor-invisible elementor-widget elementor-widget-text-editor\" data-id=\"a0dbb25\" data-element_type=\"widget\" data-settings=\"{&quot;_animation&quot;:&quot;fadeIn&quot;,&quot;_animation_delay&quot;:100}\" data-widget_type=\"text-editor.default\">\n\t\t\t\t<div class=\"elementor-widget-container\">\n\t\t\t\t\t\t\t\t\t<p>A n\u00e9met nyelvtan\u00e1ri diploma megszerz\u00e9s\u00e9t k\u00f6vet\u0151en p\u00e1ly\u00e1mat a n\u00e9met nyelv oktat\u00e1s\u00e1val kezdtem, m\u00e9g az offline vil\u00e1gban. C\u00e9gekn\u00e9l, nyelviskol\u00e1kn\u00e1l \u00e9s mag\u00e1ntan\u00e1rk\u00e9nt tev\u00e9kenykedtem, m\u00edgnem elcs\u00e1b\u00edtott a gazdas\u00e1g, a c\u00e9gek vil\u00e1ga.<\/p><p>Azonban ezen id\u0151 alatt sem szak\u00edtottam teljesen a tan\u00edt\u00e1s adta \u00f6r\u00f6m\u00f6kkel, hobbib\u00f3l egy-k\u00e9t tan\u00edtv\u00e1nyom mindig volt \u00e9s nagy \u00f6r\u00f6met okozott.<br \/>Szeretek tan\u00edtani, de nem csak \u00f6nmagam sz\u00f3rakoztat\u00e1s\u00e1ra. Szeretn\u00e9m a nyelvtan\u00edt\u00e1s \u00e1ltal megismertetni azt az \u00e9rz\u00e9st, amikor kiny\u00edlik a nyelvtud\u00e1s \u00e1ltal a vil\u00e1g.<br \/>Szerencs\u00e9snek \u00e9rzem magam, hogy k\u00e9t idegen nyelvet besz\u00e9lek, a n\u00e9met mellett az angolt is, mert ennek d\u00f6nt\u0151 szerepe volt abban, hogy k\u00fclf\u00f6ld\u00f6n \u00e9ltem k\u00f6zel 10 \u00e9vet \u00e9s a k\u00e9t nyelvter\u00fclet kult\u00far\u00e1j\u00e1t is megismerhettem. Komfortosan \u00e9rzem magam, ha idegen nyelven kell besz\u00e9lnem \u00e9s a vil\u00e1gon b\u00e1rhol boldoguln\u00e9k, mert e k\u00e9t nyelvet ismerem. Ezt az \u00e9rz\u00e9st szeretn\u00e9m mindenkin\u00e9l el\u00e9rni, aki velem tanul.<br \/>\u00cdgy tudatos v\u00e1laszt\u00e1s volt r\u00e9szemr\u0151l 15 \u00e9v ut\u00e1n visszat\u00e9rni a nyelvoktat\u00e1shoz.<\/p>\t\t\t\t\t\t\t\t<\/div>\n\t\t\t\t<\/div>\n\t\t\t\t<\/div>\n\t\t<div class=\"elementor-element elementor-element-1bd3784 e-con-full e-flex e-con e-child\" data-id=\"1bd3784\" data-element_type=\"container\">\n\t\t\t\t<div class=\"elementor-element elementor-element-210b446 elementor-widget elementor-widget-image\" data-id=\"210b446\" data-element_type=\"widget\" data-widget_type=\"image.default\">\n\t\t\t\t<div class=\"elementor-widget-container\">\n\t\t\t\t\t\t\t\t\t\t\t\t\t\t\t<img fetchpriority=\"high\" decoding=\"async\" width=\"1383\" height=\"1642\" src=\"https:\/\/nemetnyelvonline.hu\/wp-content\/uploads\/2025\/07\/DSC_1284-2.jpg\" class=\"attachment-full size-full wp-image-323\" alt=\"n\u00e9met tan\u00e1r Moln\u00e1r Melinda\" srcset=\"https:\/\/nemetnyelvonline.hu\/wp-content\/uploads\/2025\/07\/DSC_1284-2.jpg 1383w, https:\/\/nemetnyelvonline.hu\/wp-content\/uploads\/2025\/07\/DSC_1284-2-253x300.jpg 253w, https:\/\/nemetnyelvonline.hu\/wp-content\/uploads\/2025\/07\/DSC_1284-2-862x1024.jpg 862w, https:\/\/nemetnyelvonline.hu\/wp-content\/uploads\/2025\/07\/DSC_1284-2-768x912.jpg 768w, https:\/\/nemetnyelvonline.hu\/wp-content\/uploads\/2025\/07\/DSC_1284-2-1294x1536.jpg 1294w\" sizes=\"(max-width: 1383px) 100vw, 1383px\" \/>\t\t\t\t\t\t\t\t\t\t\t\t\t\t\t<\/div>\n\t\t\t\t<\/div>\n\t\t\t\t<\/div>\n\t\t\t\t\t<\/div>\n\t\t\t\t<\/div>\n\t\t<div class=\"elementor-element elementor-element-8ff03b8 e-flex e-con-boxed e-con e-parent\" data-id=\"8ff03b8\" data-element_type=\"container\">\n\t\t\t\t\t<div class=\"e-con-inner\">\n\t\t\t\t<div class=\"elementor-element elementor-element-87f258a elementor-widget elementor-widget-heading\" data-id=\"87f258a\" data-element_type=\"widget\" data-widget_type=\"heading.default\">\n\t\t\t\t<div class=\"elementor-widget-container\">\n\t\t\t\t\t<h2 class=\"elementor-heading-title elementor-size-default\">Nem csak a tank\u00f6nyvekb\u0151l megtanulhat\u00f3 \u00e9s megtan\u00edthat\u00f3 form\u00e1lis nyelvet besz\u00e9lem \u00e9s tan\u00edtom, hanem a mindennapok nyelv\u00e9t, aktu\u00e1lis anyagokkal, ak\u00e1r szem\u00e9lyes \u00e9rdekl\u0151d\u00e9si k\u00f6rnek megfelel\u0151en.<\/h2>\t\t\t\t<\/div>\n\t\t\t\t<\/div>\n\t\t\t\t<div class=\"elementor-element elementor-element-e9c5359 elementor-widget elementor-widget-text-editor\" data-id=\"e9c5359\" data-element_type=\"widget\" data-widget_type=\"text-editor.default\">\n\t\t\t\t<div class=\"elementor-widget-container\">\n\t\t\t\t\t\t\t\t\t<p>Gazdas\u00e1gi tanulm\u00e1nyaimnak \u00e9s els\u0151sorban stuttgarti munk\u00e1mnak k\u00f6sz\u00f6nhet\u0151en ismerem a n\u00e9met v\u00e1llalati kult\u00far\u00e1t, kommunik\u00e1ci\u00f3t, mentalit\u00e1st. N\u00e9metorsz\u00e1g, a n\u00e9met kult\u00fara, a k\u00f6z\u00e9let mind a mai napig \u00e9letem r\u00e9sze, \u00edgy \u00f3r\u00e1imat is f\u0171szerezem kultur\u00e1lis inform\u00e1ci\u00f3kkal, orsz\u00e1gismerettel, a t\u00f6rt\u00e9nelmi h\u00e1tt\u00e9rrel, aktualit\u00e1sokkal, de ak\u00e1r tippet is adok, hova menj eb\u00e9delni, ha \u00e9ppen valamelyik n\u00e9met v\u00e1rosban j\u00e1rsz.<\/p>\t\t\t\t\t\t\t\t<\/div>\n\t\t\t\t<\/div>\n\t\t\t\t<div class=\"elementor-element elementor-element-9d438b8 elementor-widget elementor-widget-heading\" data-id=\"9d438b8\" data-element_type=\"widget\" data-widget_type=\"heading.default\">\n\t\t\t\t<div class=\"elementor-widget-container\">\n\t\t\t\t\t<h2 class=\"elementor-heading-title elementor-size-default\">\u00d3r\u00e1im j\u00f3 hangulat\u00faak, figyelembe veszem, hogy feln\u0151ttk\u00e9nt nem mindig egyszer\u0171 munka \u00e9s csal\u00e1d mellett nyelvet tanulni, fejleszteni.<\/h2>\t\t\t\t<\/div>\n\t\t\t\t<\/div>\n\t\t\t\t\t<\/div>\n\t\t\t\t<\/div>\n\t\t<div class=\"elementor-element elementor-element-4a66590 e-flex e-con-boxed e-con e-parent\" data-id=\"4a66590\" data-element_type=\"container\" data-settings=\"{&quot;shape_divider_top&quot;:&quot;opacity-tilt&quot;}\">\n\t\t\t\t\t<div class=\"e-con-inner\">\n\t\t\t\t<div class=\"elementor-shape elementor-shape-top\" aria-hidden=\"true\" data-negative=\"false\">\n\t\t\t<svg xmlns=\"http:\/\/www.w3.org\/2000\/svg\" viewBox=\"0 0 2600 131.1\" preserveAspectRatio=\"none\">\n\t<path class=\"elementor-shape-fill\" d=\"M0 0L2600 0 2600 69.1 0 0z\"\/>\n\t<path class=\"elementor-shape-fill\" style=\"opacity:0.5\" d=\"M0 0L2600 0 2600 69.1 0 69.1z\"\/>\n\t<path class=\"elementor-shape-fill\" style=\"opacity:0.25\" d=\"M2600 0L0 0 0 130.1 2600 69.1z\"\/>\n<\/svg>\t\t<\/div>\n\t\t\t\t<div class=\"elementor-element elementor-element-75d016f elementor-invisible elementor-widget elementor-widget-heading\" data-id=\"75d016f\" data-element_type=\"widget\" data-settings=\"{&quot;_animation&quot;:&quot;fadeInUp&quot;}\" data-widget_type=\"heading.default\">\n\t\t\t\t<div class=\"elementor-widget-container\">\n\t\t\t\t\t<h2 class=\"elementor-heading-title elementor-size-default\">K\u00fcldet\u00e9sem<\/h2>\t\t\t\t<\/div>\n\t\t\t\t<\/div>\n\t\t\t\t<div class=\"elementor-element elementor-element-ceecbe8 elementor-invisible elementor-widget elementor-widget-text-editor\" data-id=\"ceecbe8\" data-element_type=\"widget\" data-settings=\"{&quot;_animation&quot;:&quot;fadeInUp&quot;}\" data-widget_type=\"text-editor.default\">\n\t\t\t\t<div class=\"elementor-widget-container\">\n\t\t\t\t\t\t\t\t\t<p>Szomor\u00faan tapasztalom b\u00e1rhol a vil\u00e1gban, mennyire nem tudnak a magyarok idegen nyelven besz\u00e9lni. R\u00e9gi \u00e9s jelenlegi tan\u00edtv\u00e1nyam tudj\u00e1k, hogy a \u201em\u00e1ni\u00e1m\u201c a kommunik\u00e1ci\u00f3, a besz\u00e9d, k\u00e9rd\u00e9sek. \u00d3r\u00e1imon val\u00f3ban besz\u00e9ltetek, k\u00e9rdeztetek, k\u00e9rdezek. BESZ\u00c9LGET\u00dcNK. C\u00e9lom, hogy megtanuld, ami Neked fontos, ami Neked kell. Ha t\u00e1rgyalni szeretn\u00e9l n\u00e9met\u00fcl, akkor azt tanuljuk meg, ha a h\u00e9tk\u00f6znapokban szeretn\u00e9l boldogulni, mert n\u00e9met nyelvter\u00fcleten \u00e9lsz, vagy oda k\u00e9sz\u00fclsz, akkor a h\u00e9tk\u00f6znapok nyelv\u00e9t.<br \/>Nem c\u00e9lom, hogy mindenki t\u00f6k\u00e9letesen, hib\u00e1tlanul C2-es nyelvvizsg\u00e1ra felk\u00e9sz\u00fclten besz\u00e9ljen vagy k\u00e9pes legyen a Frankfurter Allgemeine cikkeit nap mint nap olvasni. Term\u00e9szetesen nyelvtani alapokra sz\u00fcks\u00e9g van, de nem abb\u00f3l \u00e1ll a tanul\u00e1s, hogy feladatokat oldunk meg. Tudj besz\u00e9lni, haszn\u00e1ld a megl\u00e9v\u0151 sz\u00f3kincsed, tanuljunk hozz\u00e1 \u00faj sz\u00f3kincset, kev\u00e9s nyelvtant \u00e9s nem baj, ha belecs\u00faszik egy-k\u00e9t hiba. A hib\u00e1k j\u00f3 dolgok, abb\u00f3l tanulunk a legt\u00f6bbet.<br \/>Persze kiv\u00e9telek mindig vannak! Nyelvvizsg\u00e1ra k\u00e9sz\u00fcl\u0151k \u00e9s bizonyos munkahelyi poz\u00edci\u00f3k eset\u00e9ben elengedhetetlen a szinte t\u00f6k\u00e9letes tud\u00e1s, \u00edgy ezen \u00f3rat\u00edpusok alatt \u00e9n is k\u00edm\u00e9letlen vagyok.<\/p>\t\t\t\t\t\t\t\t<\/div>\n\t\t\t\t<\/div>\n\t\t\t\t<div class=\"elementor-element elementor-element-b3e55bd elementor-align-center elementor-invisible elementor-widget elementor-widget-button\" data-id=\"b3e55bd\" data-element_type=\"widget\" data-settings=\"{&quot;_animation&quot;:&quot;fadeInUp&quot;}\" data-widget_type=\"button.default\">\n\t\t\t\t<div class=\"elementor-widget-container\">\n\t\t\t\t\t\t\t\t\t<div class=\"elementor-button-wrapper\">\n\t\t\t\t\t<a class=\"elementor-button elementor-button-link elementor-size-sm elementor-animation-grow\" href=\"#kapcsol\">\n\t\t\t\t\t\t<span class=\"elementor-button-content-wrapper\">\n\t\t\t\t\t\t\t\t\t<span class=\"elementor-button-text\">Veled tanuln\u00e9k<\/span>\n\t\t\t\t\t<\/span>\n\t\t\t\t\t<\/a>\n\t\t\t\t<\/div>\n\t\t\t\t\t\t\t\t<\/div>\n\t\t\t\t<\/div>\n\t\t\t\t\t<\/div>\n\t\t\t\t<\/div>\n\t\t<div class=\"elementor-element elementor-element-7dc951c e-flex e-con-boxed e-con e-parent\" data-id=\"7dc951c\" data-element_type=\"container\">\n\t\t\t\t\t<div class=\"e-con-inner\">\n\t\t<div class=\"elementor-element elementor-element-3ee4fd6 e-con-full e-flex e-con e-child\" data-id=\"3ee4fd6\" data-element_type=\"container\">\n\t\t\t\t<div class=\"elementor-element elementor-element-dcc9f0c elementor-widget elementor-widget-heading\" data-id=\"dcc9f0c\" data-element_type=\"widget\" data-widget_type=\"heading.default\">\n\t\t\t\t<div class=\"elementor-widget-container\">\n\t\t\t\t\t<h2 class=\"elementor-heading-title elementor-size-default\">R\u00f3lam \u00edrt\u00e1k<\/h2>\t\t\t\t<\/div>\n\t\t\t\t<\/div>\n\t\t\t\t<\/div>\n\t\t<div class=\"elementor-element elementor-element-2d6a819 e-con-full e-flex elementor-invisible e-con e-child\" data-id=\"2d6a819\" data-element_type=\"container\" data-settings=\"{&quot;animation&quot;:&quot;fadeInUp&quot;}\">\n\t\t\t\t<div class=\"elementor-element elementor-element-ecbab70 elementor-widget elementor-widget-text-editor\" data-id=\"ecbab70\" data-element_type=\"widget\" data-widget_type=\"text-editor.default\">\n\t\t\t\t<div class=\"elementor-widget-container\">\n\t\t\t\t\t\t\t\t\t<p>\u201eNagy el\u0151nynek \u00e9rzem, hogy Melinda kor\u00e1bban N\u00e9metorsz\u00e1gban \u00e9lt \u00e9s egy multinacion\u00e1lis c\u00e9gn\u00e9l szerzett tapasztalatot \u2013 ez az \u00f3r\u00e1kon is \u00e9rz\u0151dik.<br \/>A nyelvtant mindig vil\u00e1gosan \u00e9s \u00e9rthet\u0151en magyar\u00e1zza el, a feladatok pedig v\u00e1ltozatosak: cikkek, vide\u00f3k, kieg\u00e9sz\u00edt\u0151s gyakorlatok\u2026 \u00edgy az \u00f3r\u00e1k sosem unalmasak. L\u00e1tszik, hogy minden alkalomra felk\u00e9sz\u00fcl, \u00e9rz\u0151dik a sok \u00e9ves tan\u00edt\u00e1si gyakorlat is.<br \/>Nagyon fontos sz\u00e1momra, hogy pontos, megb\u00edzhat\u00f3, \u00e9s m\u00e1r kor\u00e1bban is adott hasznos tippeket arra, hogyan fejlesszem a sz\u00f3beli kommunik\u00e1ci\u00f3mat \u2013 ezek t\u00e9nyleg m\u0171k\u00f6dnek.&#8221;<\/p>\t\t\t\t\t\t\t\t<\/div>\n\t\t\t\t<\/div>\n\t\t\t\t<div class=\"elementor-element elementor-element-db07669 elementor-widget elementor-widget-heading\" data-id=\"db07669\" data-element_type=\"widget\" data-widget_type=\"heading.default\">\n\t\t\t\t<div class=\"elementor-widget-container\">\n\t\t\t\t\t<h2 class=\"elementor-heading-title elementor-size-default\">Izabell<\/h2>\t\t\t\t<\/div>\n\t\t\t\t<\/div>\n\t\t\t\t<\/div>\n\t\t\t\t\t<\/div>\n\t\t\t\t<\/div>\n\t\t<div class=\"elementor-element elementor-element-fa597a8 e-flex e-con-boxed e-con e-parent\" data-id=\"fa597a8\" data-element_type=\"container\" data-settings=\"{&quot;background_background&quot;:&quot;classic&quot;}\">\n\t\t\t\t\t<div class=\"e-con-inner\">\n\t\t\t\t\t<\/div>\n\t\t\t\t<\/div>\n\t\t<div class=\"elementor-element elementor-element-936199c e-flex e-con-boxed e-con e-parent\" data-id=\"936199c\" data-element_type=\"container\">\n\t\t\t\t\t<div class=\"e-con-inner\">\n\t\t<div class=\"elementor-element elementor-element-cc8c9a5 e-con-full e-flex elementor-invisible e-con e-child\" data-id=\"cc8c9a5\" data-element_type=\"container\" data-settings=\"{&quot;animation&quot;:&quot;fadeIn&quot;}\">\n\t\t\t\t<div class=\"elementor-element elementor-element-5507335 elementor-invisible elementor-widget elementor-widget-heading\" data-id=\"5507335\" data-element_type=\"widget\" data-settings=\"{&quot;_animation&quot;:&quot;fadeIn&quot;}\" data-widget_type=\"heading.default\">\n\t\t\t\t<div class=\"elementor-widget-container\">\n\t\t\t\t\t<h2 class=\"elementor-heading-title elementor-size-default\">Tanulj velem, mert...<\/h2>\t\t\t\t<\/div>\n\t\t\t\t<\/div>\n\t\t\t\t<\/div>\n\t\t<div class=\"elementor-element elementor-element-db9dc96 e-con-full e-flex elementor-invisible e-con e-child\" data-id=\"db9dc96\" data-element_type=\"container\" data-settings=\"{&quot;animation&quot;:&quot;fadeInRight&quot;}\">\n\t\t\t\t<div class=\"elementor-element elementor-element-564913d elementor-icon-list--layout-traditional elementor-list-item-link-full_width elementor-widget elementor-widget-icon-list\" data-id=\"564913d\" data-element_type=\"widget\" data-widget_type=\"icon-list.default\">\n\t\t\t\t<div class=\"elementor-widget-container\">\n\t\t\t\t\t\t\t<ul class=\"elementor-icon-list-items\">\n\t\t\t\t\t\t\t<li class=\"elementor-icon-list-item\">\n\t\t\t\t\t\t\t\t\t\t\t<span class=\"elementor-icon-list-icon\">\n\t\t\t\t\t\t\t<svg aria-hidden=\"true\" class=\"e-font-icon-svg e-fas-check\" viewBox=\"0 0 512 512\" xmlns=\"http:\/\/www.w3.org\/2000\/svg\"><path d=\"M173.898 439.404l-166.4-166.4c-9.997-9.997-9.997-26.206 0-36.204l36.203-36.204c9.997-9.998 26.207-9.998 36.204 0L192 312.69 432.095 72.596c9.997-9.997 26.207-9.997 36.204 0l36.203 36.204c9.997 9.997 9.997 26.206 0 36.204l-294.4 294.401c-9.998 9.997-26.207 9.997-36.204-.001z\"><\/path><\/svg>\t\t\t\t\t\t<\/span>\n\t\t\t\t\t\t\t\t\t\t<span class=\"elementor-icon-list-text\">nem csak a nyelvk\u00f6nyvekb\u0151l ismerem a n\u00e9met nyelvet<\/span>\n\t\t\t\t\t\t\t\t\t<\/li>\n\t\t\t\t\t\t\t\t<li class=\"elementor-icon-list-item\">\n\t\t\t\t\t\t\t\t\t\t\t<span class=\"elementor-icon-list-icon\">\n\t\t\t\t\t\t\t<svg aria-hidden=\"true\" class=\"e-font-icon-svg e-fas-check\" viewBox=\"0 0 512 512\" xmlns=\"http:\/\/www.w3.org\/2000\/svg\"><path d=\"M173.898 439.404l-166.4-166.4c-9.997-9.997-9.997-26.206 0-36.204l36.203-36.204c9.997-9.998 26.207-9.998 36.204 0L192 312.69 432.095 72.596c9.997-9.997 26.207-9.997 36.204 0l36.203 36.204c9.997 9.997 9.997 26.206 0 36.204l-294.4 294.401c-9.998 9.997-26.207 9.997-36.204-.001z\"><\/path><\/svg>\t\t\t\t\t\t<\/span>\n\t\t\t\t\t\t\t\t\t\t<span class=\"elementor-icon-list-text\">10 \u00e9ven \u00e1t n\u00e9met\u00fcl \u00e9s angolul \u00e9ltem \u00e9s multinacion\u00e1lis k\u00f6rnyezetben, N\u00e9metorsz\u00e1gban dolgoztam, napi 24 \u00f3r\u00e1ban n\u00e9met vil\u00e1g vett k\u00f6r\u00fcl<\/span>\n\t\t\t\t\t\t\t\t\t<\/li>\n\t\t\t\t\t\t\t\t<li class=\"elementor-icon-list-item\">\n\t\t\t\t\t\t\t\t\t\t\t<span class=\"elementor-icon-list-icon\">\n\t\t\t\t\t\t\t<svg aria-hidden=\"true\" class=\"e-font-icon-svg e-fas-check\" viewBox=\"0 0 512 512\" xmlns=\"http:\/\/www.w3.org\/2000\/svg\"><path d=\"M173.898 439.404l-166.4-166.4c-9.997-9.997-9.997-26.206 0-36.204l36.203-36.204c9.997-9.998 26.207-9.998 36.204 0L192 312.69 432.095 72.596c9.997-9.997 26.207-9.997 36.204 0l36.203 36.204c9.997 9.997 9.997 26.206 0 36.204l-294.4 294.401c-9.998 9.997-26.207 9.997-36.204-.001z\"><\/path><\/svg>\t\t\t\t\t\t<\/span>\n\t\t\t\t\t\t\t\t\t\t<span class=\"elementor-icon-list-text\">k\u00e9pzett nyelvtan\u00e1rk\u00e9nt ismerem a tan\u00edt\u00e1s mesters\u00e9g\u00e9t, m\u00f3dszereket<\/span>\n\t\t\t\t\t\t\t\t\t<\/li>\n\t\t\t\t\t\t\t\t<li class=\"elementor-icon-list-item\">\n\t\t\t\t\t\t\t\t\t\t\t<span class=\"elementor-icon-list-icon\">\n\t\t\t\t\t\t\t<svg aria-hidden=\"true\" class=\"e-font-icon-svg e-fas-check\" viewBox=\"0 0 512 512\" xmlns=\"http:\/\/www.w3.org\/2000\/svg\"><path d=\"M173.898 439.404l-166.4-166.4c-9.997-9.997-9.997-26.206 0-36.204l36.203-36.204c9.997-9.998 26.207-9.998 36.204 0L192 312.69 432.095 72.596c9.997-9.997 26.207-9.997 36.204 0l36.203 36.204c9.997 9.997 9.997 26.206 0 36.204l-294.4 294.401c-9.998 9.997-26.207 9.997-36.204-.001z\"><\/path><\/svg>\t\t\t\t\t\t<\/span>\n\t\t\t\t\t\t\t\t\t\t<span class=\"elementor-icon-list-text\">gazdas\u00e1gi k\u00e9pzetts\u00e9gemnek \u00e9s gyakorlati tapasztalatomnak k\u00f6sz\u00f6nhet\u0151en, az \u00fczleti vil\u00e1g is ismer\u0151s ter\u00fclet<\/span>\n\t\t\t\t\t\t\t\t\t<\/li>\n\t\t\t\t\t\t\t\t<li class=\"elementor-icon-list-item\">\n\t\t\t\t\t\t\t\t\t\t\t<span class=\"elementor-icon-list-icon\">\n\t\t\t\t\t\t\t<svg aria-hidden=\"true\" class=\"e-font-icon-svg e-fas-check\" viewBox=\"0 0 512 512\" xmlns=\"http:\/\/www.w3.org\/2000\/svg\"><path d=\"M173.898 439.404l-166.4-166.4c-9.997-9.997-9.997-26.206 0-36.204l36.203-36.204c9.997-9.998 26.207-9.998 36.204 0L192 312.69 432.095 72.596c9.997-9.997 26.207-9.997 36.204 0l36.203 36.204c9.997 9.997 9.997 26.206 0 36.204l-294.4 294.401c-9.998 9.997-26.207 9.997-36.204-.001z\"><\/path><\/svg>\t\t\t\t\t\t<\/span>\n\t\t\t\t\t\t\t\t\t\t<span class=\"elementor-icon-list-text\">gyakorlatias szem\u00e9lyis\u00e9gem az \u00f3r\u00e1imon is tetten \u00e9rhet\u0151<\/span>\n\t\t\t\t\t\t\t\t\t<\/li>\n\t\t\t\t\t\t<\/ul>\n\t\t\t\t\t\t<\/div>\n\t\t\t\t<\/div>\n\t\t\t\t<\/div>\n\t\t\t\t\t<\/div>\n\t\t\t\t<\/div>\n\t\t<div class=\"elementor-element elementor-element-3cc82b4 e-flex e-con-boxed e-con e-parent\" data-id=\"3cc82b4\" data-element_type=\"container\" data-settings=\"{&quot;background_background&quot;:&quot;classic&quot;}\">\n\t\t\t\t\t<div class=\"e-con-inner\">\n\t\t<div class=\"elementor-element elementor-element-daf0b80 e-con-full e-flex e-con e-child\" data-id=\"daf0b80\" data-element_type=\"container\">\n\t\t\t\t<div class=\"elementor-element elementor-element-3f08b18 elementor-widget elementor-widget-heading\" data-id=\"3f08b18\" data-element_type=\"widget\" data-widget_type=\"heading.default\">\n\t\t\t\t<div class=\"elementor-widget-container\">\n\t\t\t\t\t<h2 class=\"elementor-heading-title elementor-size-default\">K\u00e9t lehet\u0151s\u00e9ged is van, ha velem tanuln\u00e1l:<\/h2>\t\t\t\t<\/div>\n\t\t\t\t<\/div>\n\t\t\t\t<\/div>\n\t\t<div class=\"elementor-element elementor-element-60634b1 e-con-full e-flex elementor-invisible e-con e-child\" data-id=\"60634b1\" data-element_type=\"container\" data-settings=\"{&quot;animation&quot;:&quot;fadeInUp&quot;}\">\n\t\t\t\t<div class=\"elementor-element elementor-element-dcdd0d4 elementor-widget elementor-widget-heading\" data-id=\"dcdd0d4\" data-element_type=\"widget\" data-widget_type=\"heading.default\">\n\t\t\t\t<div class=\"elementor-widget-container\">\n\t\t\t\t\t<h2 class=\"elementor-heading-title elementor-size-default\">\u00c1ltal\u00e1nos n\u00e9met<\/h2>\t\t\t\t<\/div>\n\t\t\t\t<\/div>\n\t\t\t\t<div class=\"elementor-element elementor-element-078dbc1 elementor-widget elementor-widget-heading\" data-id=\"078dbc1\" data-element_type=\"widget\" data-widget_type=\"heading.default\">\n\t\t\t\t<div class=\"elementor-widget-container\">\n\t\t\t\t\t<h2 class=\"elementor-heading-title elementor-size-default\">A1-C2<\/h2>\t\t\t\t<\/div>\n\t\t\t\t<\/div>\n\t\t\t\t<div class=\"elementor-element elementor-element-955331d elementor-widget elementor-widget-text-editor\" data-id=\"955331d\" data-element_type=\"widget\" data-widget_type=\"text-editor.default\">\n\t\t\t\t<div class=\"elementor-widget-container\">\n\t\t\t\t\t\t\t\t\t<p>A tank\u00f6nyvek \u00e1ltal adott v\u00e1zat eg\u00e9sz\u00edtem ki szem\u00e9lyre szabott feladatokkal, t\u00e9m\u00e1kkal, az \u00e9letb\u0151l vett \u00fajs\u00e1gcikkekkel, vide\u00f3kkal. Filmeket, k\u00f6nyveket, dalokat aj\u00e1nlok.<\/p>\t\t\t\t\t\t\t\t<\/div>\n\t\t\t\t<\/div>\n\t\t\t\t<div class=\"elementor-element elementor-element-5b254e7 elementor-align-center elementor-invisible elementor-widget elementor-widget-button\" data-id=\"5b254e7\" data-element_type=\"widget\" data-settings=\"{&quot;_animation&quot;:&quot;fadeInUp&quot;}\" data-widget_type=\"button.default\">\n\t\t\t\t<div class=\"elementor-widget-container\">\n\t\t\t\t\t\t\t\t\t<div class=\"elementor-button-wrapper\">\n\t\t\t\t\t<a class=\"elementor-button elementor-button-link elementor-size-sm elementor-animation-grow\" href=\"https:\/\/nemetnyelvonline.hu\/index.php\/altalanos-nemet-nyelvoktatas\/\">\n\t\t\t\t\t\t<span class=\"elementor-button-content-wrapper\">\n\t\t\t\t\t\t\t\t\t<span class=\"elementor-button-text\">Ez \u00e9rdekel<\/span>\n\t\t\t\t\t<\/span>\n\t\t\t\t\t<\/a>\n\t\t\t\t<\/div>\n\t\t\t\t\t\t\t\t<\/div>\n\t\t\t\t<\/div>\n\t\t\t\t<\/div>\n\t\t<div class=\"elementor-element elementor-element-6bc34ce e-con-full e-flex elementor-invisible e-con e-child\" data-id=\"6bc34ce\" data-element_type=\"container\" data-settings=\"{&quot;animation&quot;:&quot;fadeInUp&quot;}\">\n\t\t\t\t<div class=\"elementor-element elementor-element-38b18e9 elementor-widget elementor-widget-heading\" data-id=\"38b18e9\" data-element_type=\"widget\" data-widget_type=\"heading.default\">\n\t\t\t\t<div class=\"elementor-widget-container\">\n\t\t\t\t\t<h2 class=\"elementor-heading-title elementor-size-default\">Szaknyelvi n\u00e9met<\/h2>\t\t\t\t<\/div>\n\t\t\t\t<\/div>\n\t\t\t\t<div class=\"elementor-element elementor-element-3a99f1b elementor-widget elementor-widget-heading\" data-id=\"3a99f1b\" data-element_type=\"widget\" data-widget_type=\"heading.default\">\n\t\t\t\t<div class=\"elementor-widget-container\">\n\t\t\t\t\t<h2 class=\"elementor-heading-title elementor-size-default\">Aj\u00e1nlott nyelvi szint: A2<\/h2>\t\t\t\t<\/div>\n\t\t\t\t<\/div>\n\t\t\t\t<div class=\"elementor-element elementor-element-1388531 elementor-widget elementor-widget-text-editor\" data-id=\"1388531\" data-element_type=\"widget\" data-widget_type=\"text-editor.default\">\n\t\t\t\t<div class=\"elementor-widget-container\">\n\t\t\t\t\t\t\t\t\t<p>Ezen \u00f3r\u00e1k egy m\u00e1r megl\u00e9v\u0151 minimum \u00e1ltal\u00e1nos n\u00e9met nyelvismeretre \u00e9p\u00fclnek. Az \u00e1ltal\u00e1nos n\u00e9met nyelvtanul\u00e1st kieg\u00e9sz\u00edtve kezdj\u00fck el a szakmai r\u00e9szt megtanulni,<\/p>\t\t\t\t\t\t\t\t<\/div>\n\t\t\t\t<\/div>\n\t\t\t\t<div class=\"elementor-element elementor-element-f754a58 elementor-align-center elementor-invisible elementor-widget elementor-widget-button\" data-id=\"f754a58\" data-element_type=\"widget\" data-settings=\"{&quot;_animation&quot;:&quot;fadeInUp&quot;}\" data-widget_type=\"button.default\">\n\t\t\t\t<div class=\"elementor-widget-container\">\n\t\t\t\t\t\t\t\t\t<div class=\"elementor-button-wrapper\">\n\t\t\t\t\t<a class=\"elementor-button elementor-button-link elementor-size-sm elementor-animation-grow\" href=\"https:\/\/nemetnyelvonline.hu\/index.php\/szaknyelvi-nemet-nyelvoktatas\/\">\n\t\t\t\t\t\t<span class=\"elementor-button-content-wrapper\">\n\t\t\t\t\t\t\t\t\t<span class=\"elementor-button-text\">Err\u0151l olvasn\u00e9k<\/span>\n\t\t\t\t\t<\/span>\n\t\t\t\t\t<\/a>\n\t\t\t\t<\/div>\n\t\t\t\t\t\t\t\t<\/div>\n\t\t\t\t<\/div>\n\t\t\t\t<\/div>\n\t\t\t\t\t<\/div>\n\t\t\t\t<\/div>\n\t\t<div class=\"elementor-element elementor-element-9599b2b e-flex e-con-boxed e-con e-parent\" data-id=\"9599b2b\" data-element_type=\"container\" data-settings=\"{&quot;shape_divider_bottom&quot;:&quot;opacity-tilt&quot;}\">\n\t\t\t\t\t<div class=\"e-con-inner\">\n\t\t\t\t<div class=\"elementor-shape elementor-shape-bottom\" aria-hidden=\"true\" data-negative=\"false\">\n\t\t\t<svg xmlns=\"http:\/\/www.w3.org\/2000\/svg\" viewBox=\"0 0 2600 131.1\" preserveAspectRatio=\"none\">\n\t<path class=\"elementor-shape-fill\" d=\"M0 0L2600 0 2600 69.1 0 0z\"\/>\n\t<path class=\"elementor-shape-fill\" style=\"opacity:0.5\" d=\"M0 0L2600 0 2600 69.1 0 69.1z\"\/>\n\t<path class=\"elementor-shape-fill\" style=\"opacity:0.25\" d=\"M2600 0L0 0 0 130.1 2600 69.1z\"\/>\n<\/svg>\t\t<\/div>\n\t\t\t\t<div class=\"elementor-element elementor-element-5027b98 elementor-invisible elementor-widget elementor-widget-heading\" data-id=\"5027b98\" data-element_type=\"widget\" data-settings=\"{&quot;_animation&quot;:&quot;fadeIn&quot;}\" data-widget_type=\"heading.default\">\n\t\t\t\t<div class=\"elementor-widget-container\">\n\t\t\t\t\t<h2 class=\"elementor-heading-title elementor-size-default\">Milyen c\u00e9lokat \u00e9rhetsz el velem?<\/h2>\t\t\t\t<\/div>\n\t\t\t\t<\/div>\n\t\t\t\t<div class=\"elementor-element elementor-element-fd31a92 elementor-widget elementor-widget-text-editor\" data-id=\"fd31a92\" data-element_type=\"widget\" data-widget_type=\"text-editor.default\">\n\t\t\t\t<div class=\"elementor-widget-container\">\n\t\t\t\t\t\t\t\t\t<p>A k\u00f6z\u00f6s tanul\u00e1st minden esetben megel\u0151zi (nem teljesen kezd\u0151k eset\u00e9ben) egy szintfelm\u00e9r\u0151 \u00e9s az els\u0151<br \/>k\u00e9rd\u00e9sem: Mi a c\u00e9l? Mikorra? Vagyis, ha Te tudod, hogy mit szeretn\u00e9l, akkor a seg\u00edtek egy \u00fctemterv kialak\u00edt\u00e1s\u00e1ban, javaslatot teszek, hogy heti h\u00e1ny \u00f3r\u00e1ban kell a c\u00e9l el\u00e9r\u00e9s\u00e9hez velem tanulni, illetve mennyi a plusz id\u0151, amit k\u00e9t \u00f3ra k\u00f6z\u00f6tt az anyaggal el kell t\u00f6lteni. Ezut\u00e1n a d\u00f6nt\u00e9s a Te kezedben van.<\/p><p>Nem \u00edg\u00e9rek csod\u00e1kat. Nem \u00edg\u00e9rem, hogy 1 h\u00f3nap alatt tudsz majd folyamatosan, j\u00f3l besz\u00e9lni. Nem \u00edg\u00e9rem, hogy nyelvet tanulni k\u00f6nny\u0171.<\/p>\t\t\t\t\t\t\t\t<\/div>\n\t\t\t\t<\/div>\n\t\t\t\t<div class=\"elementor-element elementor-element-0c51101 elementor-invisible elementor-widget elementor-widget-text-editor\" data-id=\"0c51101\" data-element_type=\"widget\" data-settings=\"{&quot;_animation&quot;:&quot;fadeIn&quot;,&quot;_animation_delay&quot;:100}\" data-widget_type=\"text-editor.default\">\n\t\t\t\t<div class=\"elementor-widget-container\">\n\t\t\t\t\t\t\t\t\t<p>Viszont \u00edg\u00e9rem, ha kitart\u00f3, elk\u00f6telezett, szorgalmas vagy, meg fogsz tanulni. Seg\u00edtelek, motiv\u00e1llak.<\/p>\t\t\t\t\t\t\t\t<\/div>\n\t\t\t\t<\/div>\n\t\t\t\t<div class=\"elementor-element elementor-element-e514a4e elementor-align-center elementor-invisible elementor-widget elementor-widget-button\" data-id=\"e514a4e\" data-element_type=\"widget\" data-settings=\"{&quot;_animation&quot;:&quot;fadeInUp&quot;}\" data-widget_type=\"button.default\">\n\t\t\t\t<div class=\"elementor-widget-container\">\n\t\t\t\t\t\t\t\t\t<div class=\"elementor-button-wrapper\">\n\t\t\t\t\t<a class=\"elementor-button elementor-button-link elementor-size-sm elementor-animation-grow\" href=\"#kapcsol\">\n\t\t\t\t\t\t<span class=\"elementor-button-content-wrapper\">\n\t\t\t\t\t\t\t\t\t<span class=\"elementor-button-text\">Veled tanuln\u00e9k<\/span>\n\t\t\t\t\t<\/span>\n\t\t\t\t\t<\/a>\n\t\t\t\t<\/div>\n\t\t\t\t\t\t\t\t<\/div>\n\t\t\t\t<\/div>\n\t\t\t\t<div class=\"elementor-element elementor-element-fda4086 elementor-widget elementor-widget-menu-anchor\" data-id=\"fda4086\" data-element_type=\"widget\" data-widget_type=\"menu-anchor.default\">\n\t\t\t\t<div class=\"elementor-widget-container\">\n\t\t\t\t\t\t\t<div class=\"elementor-menu-anchor\" id=\"vissza\"><\/div>\n\t\t\t\t\t\t<\/div>\n\t\t\t\t<\/div>\n\t\t\t\t\t<\/div>\n\t\t\t\t<\/div>\n\t\t<div class=\"elementor-element elementor-element-800f7d1 e-flex e-con-boxed e-con e-parent\" data-id=\"800f7d1\" data-element_type=\"container\">\n\t\t\t\t\t<div class=\"e-con-inner\">\n\t\t<div class=\"elementor-element elementor-element-52343cf e-con-full e-flex e-con e-child\" data-id=\"52343cf\" data-element_type=\"container\">\n\t\t\t\t<div class=\"elementor-element elementor-element-7b4d031 elementor-widget elementor-widget-heading\" data-id=\"7b4d031\" data-element_type=\"widget\" data-widget_type=\"heading.default\">\n\t\t\t\t<div class=\"elementor-widget-container\">\n\t\t\t\t\t<h2 class=\"elementor-heading-title elementor-size-default\">R\u00f3lam \u00edrt\u00e1k<\/h2>\t\t\t\t<\/div>\n\t\t\t\t<\/div>\n\t\t\t\t<\/div>\n\t\t<div class=\"elementor-element elementor-element-82a336d e-con-full e-flex elementor-invisible e-con e-child\" data-id=\"82a336d\" data-element_type=\"container\" data-settings=\"{&quot;animation&quot;:&quot;fadeInUp&quot;}\">\n\t\t\t\t<div class=\"elementor-element elementor-element-55ff8d3 elementor-widget elementor-widget-text-editor\" data-id=\"55ff8d3\" data-element_type=\"widget\" data-widget_type=\"text-editor.default\">\n\t\t\t\t<div class=\"elementor-widget-container\">\n\t\t\t\t\t\t\t\t\t<p>\u201eSz\u00e1momra fontos, hogy a nyelv\u00f3r\u00e1k j\u00f3 hangulatban teljenek, \u00e9s ez ne menjen a tanul\u00e1s rov\u00e1s\u00e1ra.<br \/>Melind\u00e1val ez k\u00f6nnyen megval\u00f3sul \u2013 legyen sz\u00f3 szem\u00e9lyes vagy online \u00f3r\u00e1r\u00f3l.<br \/>\u00d6r\u00fcl\u00f6k, hogy hangs\u00falyt fektet\u00fcnk a besz\u00e9dk\u00e9szs\u00e9g fejleszt\u00e9s\u00e9re, alaposan tanuljuk a nyelvtant, \u00e9s az \u00f3r\u00e1n elhangzottakr\u00f3l mindig kapunk egy jegyzetet, valamint tov\u00e1bbi seg\u00e9danyagokat is.<br \/>J\u00f3, hogy a p\u00e1rommal egy\u00fctt tudunk r\u00e9szt venni a n\u00e9met\u00f3r\u00e1kon, \u00e9s az utaz\u00e1saink sor\u00e1n tapasztaljuk, hogy egyre t\u00f6bbet tudunk.&#8221;<\/p>\t\t\t\t\t\t\t\t<\/div>\n\t\t\t\t<\/div>\n\t\t\t\t<div class=\"elementor-element elementor-element-faa5de7 elementor-widget elementor-widget-heading\" data-id=\"faa5de7\" data-element_type=\"widget\" data-widget_type=\"heading.default\">\n\t\t\t\t<div class=\"elementor-widget-container\">\n\t\t\t\t\t<h2 class=\"elementor-heading-title elementor-size-default\">No\u00e9mi<\/h2>\t\t\t\t<\/div>\n\t\t\t\t<\/div>\n\t\t\t\t<\/div>\n\t\t<div class=\"elementor-element elementor-element-64704cf e-con-full e-flex elementor-invisible e-con e-child\" data-id=\"64704cf\" data-element_type=\"container\" data-settings=\"{&quot;animation&quot;:&quot;fadeInUp&quot;,&quot;animation_delay&quot;:100}\">\n\t\t\t\t<div class=\"elementor-element elementor-element-5df721b elementor-widget elementor-widget-text-editor\" data-id=\"5df721b\" data-element_type=\"widget\" data-widget_type=\"text-editor.default\">\n\t\t\t\t<div class=\"elementor-widget-container\">\n\t\t\t\t\t\t\t\t\t<p>\u201eMelinda szakmai oldal\u00e1t az Instagramon tal\u00e1ltam.<br \/>\u00c9n egy er\u0151sen \u00fajrakezd\u0151 tanul\u00f3 vagyok \u2013 valaha eg\u00e9szen j\u00f3l besz\u00e9ltem n\u00e9met\u00fcl, de 20 \u00e9v \u201enem<br \/>haszn\u00e1lat\u201d ut\u00e1n szinte teljesen kezd\u0151 szintre estem vissza.<br \/>Melinda ezt gyorsan megc\u00e1folta, \u00e9s r\u00f6gt\u00f6n A2 szinten kezdt\u00fck az ism\u00e9tl\u00e9st. Az \u00f3r\u00e1k nagyon j\u00f3l fel\u00e9p\u00edtettek: gyakorlunk nyelvtant, sz\u00f6veg\u00e9rt\u00e9st, hall\u00e1s ut\u00e1ni feladatokat \u2013 \u00e9s a humor sem hi\u00e1nyzik, sok a vicces feladat is.<br \/>A c\u00e9lom, hogy j\u00f6v\u0151beni munkav\u00e1llal\u00e1shoz el\u00e9rjek egy stabil k\u00f6z\u00e9pfok\u00fa szintet, \u00e9s Melinda minden seg\u00edts\u00e9get megad ehhez. Nagyon j\u00f3 a pedag\u00f3giai \u00e9rz\u00e9ke, feln\u0151ttekhez is nagyszer\u0171en \u00e9rt. :)\u201d<\/p>\t\t\t\t\t\t\t\t<\/div>\n\t\t\t\t<\/div>\n\t\t\t\t<div class=\"elementor-element elementor-element-7f155f1 elementor-widget elementor-widget-heading\" data-id=\"7f155f1\" data-element_type=\"widget\" data-widget_type=\"heading.default\">\n\t\t\t\t<div class=\"elementor-widget-container\">\n\t\t\t\t\t<h2 class=\"elementor-heading-title elementor-size-default\">Judit<\/h2>\t\t\t\t<\/div>\n\t\t\t\t<\/div>\n\t\t\t\t<\/div>\n\t\t<div class=\"elementor-element elementor-element-88c2cab e-con-full e-flex elementor-invisible e-con e-child\" data-id=\"88c2cab\" data-element_type=\"container\" data-settings=\"{&quot;animation&quot;:&quot;fadeInUp&quot;,&quot;animation_delay&quot;:100}\">\n\t\t\t\t<div class=\"elementor-element elementor-element-34149e0 elementor-widget elementor-widget-menu-anchor\" data-id=\"34149e0\" data-element_type=\"widget\" data-widget_type=\"menu-anchor.default\">\n\t\t\t\t<div class=\"elementor-widget-container\">\n\t\t\t\t\t\t\t<div class=\"elementor-menu-anchor\" id=\"kapcsol\"><\/div>\n\t\t\t\t\t\t<\/div>\n\t\t\t\t<\/div>\n\t\t\t\t<\/div>\n\t\t\t\t\t<\/div>\n\t\t\t\t<\/div>\n\t\t<div class=\"elementor-element elementor-element-34350a0 e-flex e-con-boxed e-con e-parent\" data-id=\"34350a0\" data-element_type=\"container\" data-settings=\"{&quot;shape_divider_top&quot;:&quot;opacity-tilt&quot;}\">\n\t\t\t\t\t<div class=\"e-con-inner\">\n\t\t\t\t<div class=\"elementor-shape elementor-shape-top\" aria-hidden=\"true\" data-negative=\"false\">\n\t\t\t<svg xmlns=\"http:\/\/www.w3.org\/2000\/svg\" viewBox=\"0 0 2600 131.1\" preserveAspectRatio=\"none\">\n\t<path class=\"elementor-shape-fill\" d=\"M0 0L2600 0 2600 69.1 0 0z\"\/>\n\t<path class=\"elementor-shape-fill\" style=\"opacity:0.5\" d=\"M0 0L2600 0 2600 69.1 0 69.1z\"\/>\n\t<path class=\"elementor-shape-fill\" style=\"opacity:0.25\" d=\"M2600 0L0 0 0 130.1 2600 69.1z\"\/>\n<\/svg>\t\t<\/div>\n\t\t<div class=\"elementor-element elementor-element-be14f4b e-con-full e-flex e-con e-child\" data-id=\"be14f4b\" data-element_type=\"container\">\n\t\t\t\t<div class=\"elementor-element elementor-element-89d6929 elementor-widget elementor-widget-heading\" data-id=\"89d6929\" data-element_type=\"widget\" data-widget_type=\"heading.default\">\n\t\t\t\t<div class=\"elementor-widget-container\">\n\t\t\t\t\t<h2 class=\"elementor-heading-title elementor-size-default\">Vedd fel velem a kapcsolatot itt:<\/h2>\t\t\t\t<\/div>\n\t\t\t\t<\/div>\n\t\t\t\t<div class=\"elementor-element elementor-element-38b4a75 elementor-widget elementor-widget-shortcode\" data-id=\"38b4a75\" data-element_type=\"widget\" data-widget_type=\"shortcode.default\">\n\t\t\t\t<div class=\"elementor-widget-container\">\n\t\t\t\t\t\t\t<div class=\"elementor-shortcode\">[forminator_form id=\"354\"]<\/div>\n\t\t\t\t\t\t<\/div>\n\t\t\t\t<\/div>\n\t\t\t\t<\/div>\n\t\t<div class=\"elementor-element elementor-element-b331c4a e-con-full e-flex e-con e-child\" data-id=\"b331c4a\" data-element_type=\"container\">\n\t\t\t\t<div class=\"elementor-element elementor-element-2f929d6 elementor-widget elementor-widget-image\" data-id=\"2f929d6\" data-element_type=\"widget\" data-widget_type=\"image.default\">\n\t\t\t\t<div class=\"elementor-widget-container\">\n\t\t\t\t\t\t\t\t\t\t\t\t\t\t\t<img fetchpriority=\"high\" decoding=\"async\" width=\"1383\" height=\"1642\" src=\"https:\/\/nemetnyelvonline.hu\/wp-content\/uploads\/2025\/07\/DSC_1284-2.jpg\" class=\"attachment-full size-full wp-image-323\" alt=\"n\u00e9met tan\u00e1r Moln\u00e1r Melinda\" srcset=\"https:\/\/nemetnyelvonline.hu\/wp-content\/uploads\/2025\/07\/DSC_1284-2.jpg 1383w, https:\/\/nemetnyelvonline.hu\/wp-content\/uploads\/2025\/07\/DSC_1284-2-253x300.jpg 253w, https:\/\/nemetnyelvonline.hu\/wp-content\/uploads\/2025\/07\/DSC_1284-2-862x1024.jpg 862w, https:\/\/nemetnyelvonline.hu\/wp-content\/uploads\/2025\/07\/DSC_1284-2-768x912.jpg 768w, https:\/\/nemetnyelvonline.hu\/wp-content\/uploads\/2025\/07\/DSC_1284-2-1294x1536.jpg 1294w\" sizes=\"(max-width: 1383px) 100vw, 1383px\" \/>\t\t\t\t\t\t\t\t\t\t\t\t\t\t\t<\/div>\n\t\t\t\t<\/div>\n\t\t\t\t<\/div>\n\t\t\t\t\t<\/div>\n\t\t\t\t<\/div>\n\t\t\t\t<\/div>\n\t\t","protected":false},"excerpt":{"rendered":"<p>N\u00e9met nyelv online Kommunik\u00e1lj n\u00e9met\u00fcl k\u00f6nnyed\u00e9n \u2013 a h\u00e9tk\u00f6znapokban \u00e9s a munk\u00e1ban is. Herzlich willkommen Moln\u00e1r Melinda vagyok, n\u00e9met nyelvtan\u00e1r, sok \u00e9ves tapasztalattal\u2026 ezt m\u00e1r biztosan hallottad t\u00f6bbsz\u00f6r. Amiben enn\u00e9l t\u00f6bb vagyok: 10 \u00e9vig \u00e9ltem N\u00e9metorsz\u00e1gban, Stuttgartban, ahol a Mercedes-Benz Bankn\u00e1l \u00e9s a Daimler Mobility AG-n\u00e1l dolgoztam 15 \u00e9vet t\u00f6lt\u00f6ttem \u00f6sszesen \u00fczleti k\u00f6rnyezetben, KKV szektorban [&hellip;]<\/p>\n","protected":false},"author":1,"featured_media":323,"parent":0,"menu_order":0,"comment_status":"closed","ping_status":"closed","template":"","meta":{"footnotes":""},"class_list":["post-54","page","type-page","status-publish","has-post-thumbnail","hentry"],"yoast_head":"<!-- This site is optimized with the Yoast SEO plugin v27.4 - https:\/\/yoast.com\/product\/yoast-seo-wordpress\/ -->\n<title>F\u0151oldal -<\/title>\n<meta name=\"description\" content=\"\u00c1ltal\u00e1nos \u00e9s szakmai n\u00e9met nyelvoktat\u00e1s, \u00e1ll\u00e1sinterj\u00fa felk\u00e9sz\u00edt\u00e9s.Strukt\u00far\u00e1lt, szem\u00e9lyre szabott, kommunikat\u00edv nyelvoktat\u00e1s.\" \/>\n<meta name=\"robots\" content=\"index, follow, max-snippet:-1, max-image-preview:large, max-video-preview:-1\" \/>\n<link rel=\"canonical\" href=\"https:\/\/nemetnyelvonline.hu\/\" \/>\n<meta property=\"og:locale\" content=\"hu_HU\" \/>\n<meta property=\"og:type\" content=\"article\" \/>\n<meta property=\"og:title\" content=\"F\u0151oldal -\" \/>\n<meta property=\"og:description\" content=\"\u00c1ltal\u00e1nos \u00e9s szakmai n\u00e9met nyelvoktat\u00e1s, \u00e1ll\u00e1sinterj\u00fa felk\u00e9sz\u00edt\u00e9s.Strukt\u00far\u00e1lt, szem\u00e9lyre szabott, kommunikat\u00edv nyelvoktat\u00e1s.\" \/>\n<meta property=\"og:url\" content=\"https:\/\/nemetnyelvonline.hu\/\" \/>\n<meta property=\"article:modified_time\" content=\"2025-07-31T11:28:52+00:00\" \/>\n<meta property=\"og:image\" content=\"https:\/\/nemetnyelvonline.hu\/wp-content\/uploads\/2025\/07\/DSC_1284-2.jpg\" \/>\n\t<meta property=\"og:image:width\" content=\"1383\" \/>\n\t<meta property=\"og:image:height\" content=\"1642\" \/>\n\t<meta property=\"og:image:type\" content=\"image\/jpeg\" \/>\n<meta name=\"twitter:card\" content=\"summary_large_image\" \/>\n<meta name=\"twitter:label1\" content=\"Becs\u00fclt olvas\u00e1si id\u0151\" \/>\n\t<meta name=\"twitter:data1\" content=\"6 perc\" \/>\n<script type=\"application\/ld+json\" class=\"yoast-schema-graph\">{\"@context\":\"https:\\\/\\\/schema.org\",\"@graph\":[{\"@type\":\"WebPage\",\"@id\":\"https:\\\/\\\/nemetnyelvonline.hu\\\/\",\"url\":\"https:\\\/\\\/nemetnyelvonline.hu\\\/\",\"name\":\"F\u0151oldal -\",\"isPartOf\":{\"@id\":\"https:\\\/\\\/nemetnyelvonline.hu\\\/#website\"},\"primaryImageOfPage\":{\"@id\":\"https:\\\/\\\/nemetnyelvonline.hu\\\/#primaryimage\"},\"image\":{\"@id\":\"https:\\\/\\\/nemetnyelvonline.hu\\\/#primaryimage\"},\"thumbnailUrl\":\"https:\\\/\\\/nemetnyelvonline.hu\\\/wp-content\\\/uploads\\\/2025\\\/07\\\/DSC_1284-2.jpg\",\"datePublished\":\"2025-06-26T14:12:30+00:00\",\"dateModified\":\"2025-07-31T11:28:52+00:00\",\"description\":\"\u00c1ltal\u00e1nos \u00e9s szakmai n\u00e9met nyelvoktat\u00e1s, \u00e1ll\u00e1sinterj\u00fa felk\u00e9sz\u00edt\u00e9s.Strukt\u00far\u00e1lt, szem\u00e9lyre szabott, kommunikat\u00edv nyelvoktat\u00e1s.\",\"breadcrumb\":{\"@id\":\"https:\\\/\\\/nemetnyelvonline.hu\\\/#breadcrumb\"},\"inLanguage\":\"hu\",\"potentialAction\":[{\"@type\":\"ReadAction\",\"target\":[\"https:\\\/\\\/nemetnyelvonline.hu\\\/\"]}]},{\"@type\":\"ImageObject\",\"inLanguage\":\"hu\",\"@id\":\"https:\\\/\\\/nemetnyelvonline.hu\\\/#primaryimage\",\"url\":\"https:\\\/\\\/nemetnyelvonline.hu\\\/wp-content\\\/uploads\\\/2025\\\/07\\\/DSC_1284-2.jpg\",\"contentUrl\":\"https:\\\/\\\/nemetnyelvonline.hu\\\/wp-content\\\/uploads\\\/2025\\\/07\\\/DSC_1284-2.jpg\",\"width\":1383,\"height\":1642,\"caption\":\"n\u00e9met tan\u00e1r Moln\u00e1r Melinda\"},{\"@type\":\"BreadcrumbList\",\"@id\":\"https:\\\/\\\/nemetnyelvonline.hu\\\/#breadcrumb\",\"itemListElement\":[{\"@type\":\"ListItem\",\"position\":1,\"name\":\"Kezd\u0151lap\",\"item\":\"https:\\\/\\\/nemetnyelvonline.hu\\\/\"},{\"@type\":\"ListItem\",\"position\":2,\"name\":\"F\u0151oldal\"}]},{\"@type\":\"WebSite\",\"@id\":\"https:\\\/\\\/nemetnyelvonline.hu\\\/#website\",\"url\":\"https:\\\/\\\/nemetnyelvonline.hu\\\/\",\"name\":\"\",\"description\":\"\",\"potentialAction\":[{\"@type\":\"SearchAction\",\"target\":{\"@type\":\"EntryPoint\",\"urlTemplate\":\"https:\\\/\\\/nemetnyelvonline.hu\\\/?s={search_term_string}\"},\"query-input\":{\"@type\":\"PropertyValueSpecification\",\"valueRequired\":true,\"valueName\":\"search_term_string\"}}],\"inLanguage\":\"hu\"}]}<\/script>\n<!-- \/ Yoast SEO plugin. -->","yoast_head_json":{"title":"F\u0151oldal -","description":"\u00c1ltal\u00e1nos \u00e9s szakmai n\u00e9met nyelvoktat\u00e1s, \u00e1ll\u00e1sinterj\u00fa felk\u00e9sz\u00edt\u00e9s.Strukt\u00far\u00e1lt, szem\u00e9lyre szabott, kommunikat\u00edv nyelvoktat\u00e1s.","robots":{"index":"index","follow":"follow","max-snippet":"max-snippet:-1","max-image-preview":"max-image-preview:large","max-video-preview":"max-video-preview:-1"},"canonical":"https:\/\/nemetnyelvonline.hu\/","og_locale":"hu_HU","og_type":"article","og_title":"F\u0151oldal -","og_description":"\u00c1ltal\u00e1nos \u00e9s szakmai n\u00e9met nyelvoktat\u00e1s, \u00e1ll\u00e1sinterj\u00fa felk\u00e9sz\u00edt\u00e9s.Strukt\u00far\u00e1lt, szem\u00e9lyre szabott, kommunikat\u00edv nyelvoktat\u00e1s.","og_url":"https:\/\/nemetnyelvonline.hu\/","article_modified_time":"2025-07-31T11:28:52+00:00","og_image":[{"width":1383,"height":1642,"url":"https:\/\/nemetnyelvonline.hu\/wp-content\/uploads\/2025\/07\/DSC_1284-2.jpg","type":"image\/jpeg"}],"twitter_card":"summary_large_image","twitter_misc":{"Becs\u00fclt olvas\u00e1si id\u0151":"6 perc"},"schema":{"@context":"https:\/\/schema.org","@graph":[{"@type":"WebPage","@id":"https:\/\/nemetnyelvonline.hu\/","url":"https:\/\/nemetnyelvonline.hu\/","name":"F\u0151oldal -","isPartOf":{"@id":"https:\/\/nemetnyelvonline.hu\/#website"},"primaryImageOfPage":{"@id":"https:\/\/nemetnyelvonline.hu\/#primaryimage"},"image":{"@id":"https:\/\/nemetnyelvonline.hu\/#primaryimage"},"thumbnailUrl":"https:\/\/nemetnyelvonline.hu\/wp-content\/uploads\/2025\/07\/DSC_1284-2.jpg","datePublished":"2025-06-26T14:12:30+00:00","dateModified":"2025-07-31T11:28:52+00:00","description":"\u00c1ltal\u00e1nos \u00e9s szakmai n\u00e9met nyelvoktat\u00e1s, \u00e1ll\u00e1sinterj\u00fa felk\u00e9sz\u00edt\u00e9s.Strukt\u00far\u00e1lt, szem\u00e9lyre szabott, kommunikat\u00edv nyelvoktat\u00e1s.","breadcrumb":{"@id":"https:\/\/nemetnyelvonline.hu\/#breadcrumb"},"inLanguage":"hu","potentialAction":[{"@type":"ReadAction","target":["https:\/\/nemetnyelvonline.hu\/"]}]},{"@type":"ImageObject","inLanguage":"hu","@id":"https:\/\/nemetnyelvonline.hu\/#primaryimage","url":"https:\/\/nemetnyelvonline.hu\/wp-content\/uploads\/2025\/07\/DSC_1284-2.jpg","contentUrl":"https:\/\/nemetnyelvonline.hu\/wp-content\/uploads\/2025\/07\/DSC_1284-2.jpg","width":1383,"height":1642,"caption":"n\u00e9met tan\u00e1r Moln\u00e1r Melinda"},{"@type":"BreadcrumbList","@id":"https:\/\/nemetnyelvonline.hu\/#breadcrumb","itemListElement":[{"@type":"ListItem","position":1,"name":"Kezd\u0151lap","item":"https:\/\/nemetnyelvonline.hu\/"},{"@type":"ListItem","position":2,"name":"F\u0151oldal"}]},{"@type":"WebSite","@id":"https:\/\/nemetnyelvonline.hu\/#website","url":"https:\/\/nemetnyelvonline.hu\/","name":"","description":"","potentialAction":[{"@type":"SearchAction","target":{"@type":"EntryPoint","urlTemplate":"https:\/\/nemetnyelvonline.hu\/?s={search_term_string}"},"query-input":{"@type":"PropertyValueSpecification","valueRequired":true,"valueName":"search_term_string"}}],"inLanguage":"hu"}]}},"_links":{"self":[{"href":"https:\/\/nemetnyelvonline.hu\/index.php\/wp-json\/wp\/v2\/pages\/54","targetHints":{"allow":["GET"]}}],"collection":[{"href":"https:\/\/nemetnyelvonline.hu\/index.php\/wp-json\/wp\/v2\/pages"}],"about":[{"href":"https:\/\/nemetnyelvonline.hu\/index.php\/wp-json\/wp\/v2\/types\/page"}],"author":[{"embeddable":true,"href":"https:\/\/nemetnyelvonline.hu\/index.php\/wp-json\/wp\/v2\/users\/1"}],"replies":[{"embeddable":true,"href":"https:\/\/nemetnyelvonline.hu\/index.php\/wp-json\/wp\/v2\/comments?post=54"}],"version-history":[{"count":246,"href":"https:\/\/nemetnyelvonline.hu\/index.php\/wp-json\/wp\/v2\/pages\/54\/revisions"}],"predecessor-version":[{"id":894,"href":"https:\/\/nemetnyelvonline.hu\/index.php\/wp-json\/wp\/v2\/pages\/54\/revisions\/894"}],"wp:featuredmedia":[{"embeddable":true,"href":"https:\/\/nemetnyelvonline.hu\/index.php\/wp-json\/wp\/v2\/media\/323"}],"wp:attachment":[{"href":"https:\/\/nemetnyelvonline.hu\/index.php\/wp-json\/wp\/v2\/media?parent=54"}],"curies":[{"name":"wp","href":"https:\/\/api.w.org\/{rel}","templated":true}]}}